{"id":321,"date":"2025-01-10T13:10:53","date_gmt":"2025-01-10T12:10:53","guid":{"rendered":"https:\/\/kurek.info\/startseite\/?page_id=321"},"modified":"2025-01-20T21:42:32","modified_gmt":"2025-01-20T20:42:32","slug":"landschaften","status":"publish","type":"page","link":"https:\/\/kurek.info\/?page_id=321","title":{"rendered":"Landschaften"},"content":{"rendered":"\n<figure class=\"wp-block-image size-large\"><img loading=\"lazy\" decoding=\"async\" width=\"1024\" height=\"712\" src=\"https:\/\/kurek.info\/wp-content\/uploads\/2025\/01\/5063_lahmenhof-weidebaeume-und-pferdemist-im-winte-1024x712.jpg\" alt=\"\" class=\"wp-image-322\" srcset=\"https:\/\/kurek.info\/wp-content\/uploads\/2025\/01\/5063_lahmenhof-weidebaeume-und-pferdemist-im-winte-980x681.jpg 980w, https:\/\/kurek.info\/wp-content\/uploads\/2025\/01\/5063_lahmenhof-weidebaeume-und-pferdemist-im-winte-480x334.jpg 480w\" sizes=\"(min-width: 0px) and (max-width: 480px) 480px, (min-width: 481px) and (max-width: 980px) 980px, (min-width: 981px) 1024px, 100vw\" \/><\/figure>\n\n\n\n<p>Winter in der Rh\u00f6n<\/p>\n\n\n\n<figure class=\"wp-block-image size-large\"><img loading=\"lazy\" decoding=\"async\" width=\"1024\" height=\"595\" src=\"https:\/\/kurek.info\/wp-content\/uploads\/2025\/01\/Bunker-Ahrenshoop_Fischland-1024x595.jpg\" alt=\"\" class=\"wp-image-323\" srcset=\"https:\/\/kurek.info\/wp-content\/uploads\/2025\/01\/Bunker-Ahrenshoop_Fischland-980x569.jpg 980w, https:\/\/kurek.info\/wp-content\/uploads\/2025\/01\/Bunker-Ahrenshoop_Fischland-480x279.jpg 480w\" sizes=\"(min-width: 0px) and (max-width: 480px) 480px, (min-width: 481px) and (max-width: 980px) 980px, (min-width: 981px) 1024px, 100vw\" \/><\/figure>\n\n\n\n<p>Am Meer bei Ahrenshoop<\/p>\n\n\n\n<figure class=\"wp-block-image size-large\"><img loading=\"lazy\" decoding=\"async\" width=\"1024\" height=\"587\" src=\"https:\/\/kurek.info\/wp-content\/uploads\/2025\/01\/8840_Doehrener-Teich-im-Nebel-1024x587.jpg\" alt=\"\" class=\"wp-image-324\" srcset=\"https:\/\/kurek.info\/wp-content\/uploads\/2025\/01\/8840_Doehrener-Teich-im-Nebel-980x562.jpg 980w, https:\/\/kurek.info\/wp-content\/uploads\/2025\/01\/8840_Doehrener-Teich-im-Nebel-480x275.jpg 480w\" sizes=\"(min-width: 0px) and (max-width: 480px) 480px, (min-width: 481px) and (max-width: 980px) 980px, (min-width: 981px) 1024px, 100vw\" \/><\/figure>\n\n\n\n<p>Morgennebel D\u00f6hrener Teich <\/p>\n\n\n\n<figure class=\"wp-block-image size-large\"><img loading=\"lazy\" decoding=\"async\" width=\"1024\" height=\"495\" src=\"https:\/\/kurek.info\/wp-content\/uploads\/2025\/01\/20240405_114604_Tenere-in-Bayer_Kocheltour24-1024x495.jpg\" alt=\"\" class=\"wp-image-325\" srcset=\"https:\/\/kurek.info\/wp-content\/uploads\/2025\/01\/20240405_114604_Tenere-in-Bayer_Kocheltour24-980x474.jpg 980w, https:\/\/kurek.info\/wp-content\/uploads\/2025\/01\/20240405_114604_Tenere-in-Bayer_Kocheltour24-480x232.jpg 480w\" sizes=\"(min-width: 0px) and (max-width: 480px) 480px, (min-width: 481px) and (max-width: 980px) 980px, (min-width: 981px) 1024px, 100vw\" \/><\/figure>\n\n\n\n<p>Bayern im Fr\u00fchling<\/p>\n\n\n\n<figure class=\"wp-block-image size-large\"><img loading=\"lazy\" decoding=\"async\" width=\"1024\" height=\"519\" src=\"https:\/\/kurek.info\/wp-content\/uploads\/2025\/01\/3888_Langeoog-Ebbe-1024x519.jpg\" alt=\"\" class=\"wp-image-326\" srcset=\"https:\/\/kurek.info\/wp-content\/uploads\/2025\/01\/3888_Langeoog-Ebbe-980x496.jpg 980w, https:\/\/kurek.info\/wp-content\/uploads\/2025\/01\/3888_Langeoog-Ebbe-480x243.jpg 480w\" sizes=\"(min-width: 0px) and (max-width: 480px) 480px, (min-width: 481px) and (max-width: 980px) 980px, (min-width: 981px) 1024px, 100vw\" \/><\/figure>\n\n\n\n<p>Ebbe auf Langeoog<\/p>\n\n\n\n<figure class=\"wp-block-image size-large\"><img loading=\"lazy\" decoding=\"async\" width=\"1024\" height=\"683\" src=\"https:\/\/kurek.info\/wp-content\/uploads\/2025\/01\/9025_piz-uccello_ticino-1024x683.jpg\" alt=\"\" class=\"wp-image-327\" srcset=\"https:\/\/kurek.info\/wp-content\/uploads\/2025\/01\/9025_piz-uccello_ticino-980x653.jpg 980w, https:\/\/kurek.info\/wp-content\/uploads\/2025\/01\/9025_piz-uccello_ticino-480x320.jpg 480w\" sizes=\"(min-width: 0px) and (max-width: 480px) 480px, (min-width: 481px) and (max-width: 980px) 980px, (min-width: 981px) 1024px, 100vw\" \/><\/figure>\n\n\n\n<p>Pizzo Uccello_ 2700 m \u00fc.M. \/ San Bernardino &#8211; Ticino<\/p>\n\n\n\n<figure class=\"wp-block-image size-large\"><img loading=\"lazy\" decoding=\"async\" width=\"1024\" height=\"670\" src=\"https:\/\/kurek.info\/wp-content\/uploads\/2025\/01\/Vogesen-Stausee_20240910_144903-1024x670.jpg\" alt=\"\" class=\"wp-image-328\" srcset=\"https:\/\/kurek.info\/wp-content\/uploads\/2025\/01\/Vogesen-Stausee_20240910_144903-980x641.jpg 980w, https:\/\/kurek.info\/wp-content\/uploads\/2025\/01\/Vogesen-Stausee_20240910_144903-480x314.jpg 480w\" sizes=\"(min-width: 0px) and (max-width: 480px) 480px, (min-width: 481px) and (max-width: 980px) 980px, (min-width: 981px) 1024px, 100vw\" \/><\/figure>\n\n\n\n<p>Stausee in den Vogesen<\/p>\n\n\n\n<figure class=\"wp-block-image size-large\"><img loading=\"lazy\" decoding=\"async\" width=\"1024\" height=\"683\" src=\"https:\/\/kurek.info\/wp-content\/uploads\/2025\/01\/2269_Mons-Klint_Danmark-1024x683.jpg\" alt=\"\" class=\"wp-image-330\" srcset=\"https:\/\/kurek.info\/wp-content\/uploads\/2025\/01\/2269_Mons-Klint_Danmark-980x653.jpg 980w, https:\/\/kurek.info\/wp-content\/uploads\/2025\/01\/2269_Mons-Klint_Danmark-480x320.jpg 480w\" sizes=\"(min-width: 0px) and (max-width: 480px) 480px, (min-width: 481px) and (max-width: 980px) 980px, (min-width: 981px) 1024px, 100vw\" \/><\/figure>\n\n\n\n<p>M\u00f8ns Klint_Danmark<\/p>\n\n\n\n<figure class=\"wp-block-image size-large\"><img loading=\"lazy\" decoding=\"async\" width=\"1024\" height=\"554\" src=\"https:\/\/kurek.info\/wp-content\/uploads\/2025\/01\/20240614_092222_TTT24_kroatien-1024x554.jpg\" alt=\"\" class=\"wp-image-331\" srcset=\"https:\/\/kurek.info\/wp-content\/uploads\/2025\/01\/20240614_092222_TTT24_kroatien-980x530.jpg 980w, https:\/\/kurek.info\/wp-content\/uploads\/2025\/01\/20240614_092222_TTT24_kroatien-480x260.jpg 480w\" sizes=\"(min-width: 0px) and (max-width: 480px) 480px, (min-width: 481px) and (max-width: 980px) 980px, (min-width: 981px) 1024px, 100vw\" \/><\/figure>\n\n\n\n<p>Kroatien<\/p>\n\n\n\n<figure class=\"wp-block-image size-large\"><img loading=\"lazy\" decoding=\"async\" width=\"1024\" height=\"581\" src=\"https:\/\/kurek.info\/wp-content\/uploads\/2025\/01\/152806_Elb-Faehre-Ferchland-Grieben-1024x581.jpg\" alt=\"\" class=\"wp-image-332\" srcset=\"https:\/\/kurek.info\/wp-content\/uploads\/2025\/01\/152806_Elb-Faehre-Ferchland-Grieben-980x556.jpg 980w, https:\/\/kurek.info\/wp-content\/uploads\/2025\/01\/152806_Elb-Faehre-Ferchland-Grieben-480x272.jpg 480w\" sizes=\"(min-width: 0px) and (max-width: 480px) 480px, (min-width: 481px) and (max-width: 980px) 980px, (min-width: 981px) 1024px, 100vw\" \/><\/figure>\n\n\n\n<p>Elb-F\u00e4hre Ferchland-Grieben<\/p>\n\n\n\n<figure class=\"wp-block-image size-large\"><img loading=\"lazy\" decoding=\"async\" width=\"1024\" height=\"539\" src=\"https:\/\/kurek.info\/wp-content\/uploads\/2025\/01\/4826_Doehrener-Teich-1024x539.jpg\" alt=\"\" class=\"wp-image-333\" srcset=\"https:\/\/kurek.info\/wp-content\/uploads\/2025\/01\/4826_Doehrener-Teich-980x515.jpg 980w, https:\/\/kurek.info\/wp-content\/uploads\/2025\/01\/4826_Doehrener-Teich-480x252.jpg 480w\" sizes=\"(min-width: 0px) and (max-width: 480px) 480px, (min-width: 481px) and (max-width: 980px) 980px, (min-width: 981px) 1024px, 100vw\" \/><\/figure>\n\n\n\n<p>D\u00f6hrener Teich im Herbst<\/p>\n\n\n\n<figure class=\"wp-block-image size-large\"><img loading=\"lazy\" decoding=\"async\" width=\"1024\" height=\"435\" src=\"https:\/\/kurek.info\/wp-content\/uploads\/2025\/01\/3811_ottensteintour-03-24-1024x435.jpg\" alt=\"\" class=\"wp-image-334\" srcset=\"https:\/\/kurek.info\/wp-content\/uploads\/2025\/01\/3811_ottensteintour-03-24-980x416.jpg 980w, https:\/\/kurek.info\/wp-content\/uploads\/2025\/01\/3811_ottensteintour-03-24-480x204.jpg 480w\" sizes=\"(min-width: 0px) and (max-width: 480px) 480px, (min-width: 481px) and (max-width: 980px) 980px, (min-width: 981px) 1024px, 100vw\" \/><\/figure>\n\n\n\n<p>Weserbergland<\/p>\n\n\n\n<figure class=\"wp-block-image size-large\"><img loading=\"lazy\" decoding=\"async\" width=\"1024\" height=\"692\" src=\"https:\/\/kurek.info\/wp-content\/uploads\/2025\/01\/5102_silberborn-moorbirken_2_SW_web-1024x692.jpg\" alt=\"\" class=\"wp-image-416\" srcset=\"https:\/\/kurek.info\/wp-content\/uploads\/2025\/01\/5102_silberborn-moorbirken_2_SW_web-980x662.jpg 980w, https:\/\/kurek.info\/wp-content\/uploads\/2025\/01\/5102_silberborn-moorbirken_2_SW_web-480x324.jpg 480w\" sizes=\"(min-width: 0px) and (max-width: 480px) 480px, (min-width: 481px) and (max-width: 980px) 980px, (min-width: 981px) 1024px, 100vw\" \/><\/figure>\n\n\n\n<p>Moorbirken \/ Mecklenbruch bei Silberborn<\/p>\n\n\n\n<figure class=\"wp-block-image size-large\"><img loading=\"lazy\" decoding=\"async\" width=\"1024\" height=\"692\" src=\"https:\/\/kurek.info\/wp-content\/uploads\/2025\/01\/5263_silberborn-moorbirken_SW_web-1024x692.jpg\" alt=\"\" class=\"wp-image-417\" srcset=\"https:\/\/kurek.info\/wp-content\/uploads\/2025\/01\/5263_silberborn-moorbirken_SW_web-980x662.jpg 980w, https:\/\/kurek.info\/wp-content\/uploads\/2025\/01\/5263_silberborn-moorbirken_SW_web-480x324.jpg 480w\" sizes=\"(min-width: 0px) and (max-width: 480px) 480px, (min-width: 481px) and (max-width: 980px) 980px, (min-width: 981px) 1024px, 100vw\" \/><\/figure>\n\n\n\n<p>Moorbirken \/ Mecklenbruch bei Silberborn<\/p>\n\n\n\n<figure class=\"wp-block-image size-large\"><img loading=\"lazy\" decoding=\"async\" width=\"1024\" height=\"576\" src=\"https:\/\/kurek.info\/wp-content\/uploads\/2025\/01\/7262_birken-im-vorharz_SW_web-1024x576.jpg\" alt=\"\" class=\"wp-image-418\" srcset=\"https:\/\/kurek.info\/wp-content\/uploads\/2025\/01\/7262_birken-im-vorharz_SW_web-980x551.jpg 980w, https:\/\/kurek.info\/wp-content\/uploads\/2025\/01\/7262_birken-im-vorharz_SW_web-480x270.jpg 480w\" sizes=\"(min-width: 0px) and (max-width: 480px) 480px, (min-width: 481px) and (max-width: 980px) 980px, (min-width: 981px) 1024px, 100vw\" \/><\/figure>\n\n\n\n<p>Birkenallee bei Rh\u00fcden \/ Vorharz<\/p>\n\n\n\n<figure class=\"wp-block-image size-large\"><img loading=\"lazy\" decoding=\"async\" width=\"1024\" height=\"537\" src=\"https:\/\/kurek.info\/wp-content\/uploads\/2025\/01\/4857_2_winterfrost-sonnenblume_everloh_01-25_SW-1024x537.jpg\" alt=\"\" class=\"wp-image-460\" srcset=\"https:\/\/kurek.info\/wp-content\/uploads\/2025\/01\/4857_2_winterfrost-sonnenblume_everloh_01-25_SW-980x514.jpg 980w, https:\/\/kurek.info\/wp-content\/uploads\/2025\/01\/4857_2_winterfrost-sonnenblume_everloh_01-25_SW-480x252.jpg 480w\" sizes=\"(min-width: 0px) and (max-width: 480px) 480px, (min-width: 481px) and (max-width: 980px) 980px, (min-width: 981px) 1024px, 100vw\" \/><\/figure>\n\n\n\n<p>Winterfrost beoi Everloh<\/p>\n\n\n\n<figure class=\"wp-block-image size-large\"><img loading=\"lazy\" decoding=\"async\" width=\"1024\" height=\"435\" src=\"https:\/\/kurek.info\/wp-content\/uploads\/2025\/01\/4831_winterfrost-sonnenblume_everloh_01-25_SW-1024x435.jpg\" alt=\"\" class=\"wp-image-462\" srcset=\"https:\/\/kurek.info\/wp-content\/uploads\/2025\/01\/4831_winterfrost-sonnenblume_everloh_01-25_SW-980x416.jpg 980w, https:\/\/kurek.info\/wp-content\/uploads\/2025\/01\/4831_winterfrost-sonnenblume_everloh_01-25_SW-480x204.jpg 480w\" sizes=\"(min-width: 0px) and (max-width: 480px) 480px, (min-width: 481px) and (max-width: 980px) 980px, (min-width: 981px) 1024px, 100vw\" \/><\/figure>\n\n\n\n<p>Winterfrost Benther Berg<\/p>\n","protected":false},"excerpt":{"rendered":"<p>Winter in der Rh\u00f6n Am Meer bei Ahrenshoop Morgennebel D\u00f6hrener Teich Bayern im Fr\u00fchling Ebbe auf Langeoog Pizzo Uccello_ 2700 m \u00fc.M. \/ San Bernardino &#8211; Ticino Stausee in den Vogesen M\u00f8ns Klint_Danmark Kroatien Elb-F\u00e4hre Ferchland-Grieben D\u00f6hrener Teich im Herbst Weserbergland Moorbirken \/ Mecklenbruch bei Silberborn Moorbirken \/ Mecklenbruch bei Silberborn Birkenallee bei Rh\u00fcden \/ [&hellip;]<\/p>\n","protected":false},"author":2,"featured_media":0,"parent":0,"menu_order":0,"comment_status":"closed","ping_status":"closed","template":"","meta":{"_et_pb_use_builder":"","_et_pb_old_content":"","_et_gb_content_width":"","footnotes":""},"class_list":["post-321","page","type-page","status-publish","hentry"],"_links":{"self":[{"href":"https:\/\/kurek.info\/index.php?rest_route=\/wp\/v2\/pages\/321","targetHints":{"allow":["GET"]}}],"collection":[{"href":"https:\/\/kurek.info\/index.php?rest_route=\/wp\/v2\/pages"}],"about":[{"href":"https:\/\/kurek.info\/index.php?rest_route=\/wp\/v2\/types\/page"}],"author":[{"embeddable":true,"href":"https:\/\/kurek.info\/index.php?rest_route=\/wp\/v2\/users\/2"}],"replies":[{"embeddable":true,"href":"https:\/\/kurek.info\/index.php?rest_route=%2Fwp%2Fv2%2Fcomments&post=321"}],"version-history":[{"count":3,"href":"https:\/\/kurek.info\/index.php?rest_route=\/wp\/v2\/pages\/321\/revisions"}],"predecessor-version":[{"id":463,"href":"https:\/\/kurek.info\/index.php?rest_route=\/wp\/v2\/pages\/321\/revisions\/463"}],"wp:attachment":[{"href":"https:\/\/kurek.info\/index.php?rest_route=%2Fwp%2Fv2%2Fmedia&parent=321"}],"curies":[{"name":"wp","href":"https:\/\/api.w.org\/{rel}","templated":true}]}}