{"id":95,"date":"2024-12-30T21:26:41","date_gmt":"2024-12-30T20:26:41","guid":{"rendered":"https:\/\/kurek.info\/?page_id=95"},"modified":"2024-12-31T12:21:00","modified_gmt":"2024-12-31T11:21:00","slug":"lebensorte","status":"publish","type":"page","link":"https:\/\/kurek.info\/?page_id=95","title":{"rendered":"Lebensorte"},"content":{"rendered":"\n<p>Von 1994 bis 2012 habe ich in einer Einrichtung f\u00fcr wohnungslose Menschen gearbeitet, die ersten 13 Jahre in einem hannoverschen Tagesaufenthalt f\u00fcr wohnungslose, und von Wohnungslosigkeit bedrohte Menschen.  Bei und w\u00e4hrend meiner sozialarbeiterischen Arbeit im `Tagestreff\u00b4 und der Stra\u00dfensozialarbeit hatte ich fast immer die Kamera (oft eine Konica Hexar oder eine Contax G2) dabei. 1999 habe ich eine Ausstellung mit einer Auswahl meiner, und Fotos der \u00a0inzwischen verstorbenen Asphaltfotografin Karin Powser mit dem Titel LEBENSORTE\u00a0 in der hannoverschen Marktkirche gestaltet.<\/p>\n\n\n\n<figure class=\"wp-block-image size-large\"><img loading=\"lazy\" decoding=\"async\" width=\"1024\" height=\"683\" src=\"https:\/\/kurek.info\/wp-content\/uploads\/2024\/12\/TK_15_Wolfgang_A2-ueberarbeitet-1024x683.jpg\" alt=\"\" class=\"wp-image-158\" srcset=\"https:\/\/kurek.info\/wp-content\/uploads\/2024\/12\/TK_15_Wolfgang_A2-ueberarbeitet-980x653.jpg 980w, https:\/\/kurek.info\/wp-content\/uploads\/2024\/12\/TK_15_Wolfgang_A2-ueberarbeitet-480x320.jpg 480w\" sizes=\"(min-width: 0px) and (max-width: 480px) 480px, (min-width: 481px) and (max-width: 980px) 980px, (min-width: 981px) 1024px, 100vw\" \/><\/figure>\n\n\n\n<p>Wolfgang beim Kaffeetrinken im Treffpunkt &#8211; ein paar Wochen sp\u00e4ter stirbt er nach einem epileptischen Anfall auf der Stra\u00dfe<\/p>\n\n\n\n<figure class=\"wp-block-image size-large\"><img loading=\"lazy\" decoding=\"async\" width=\"1024\" height=\"679\" src=\"https:\/\/kurek.info\/wp-content\/uploads\/2024\/12\/TK_11_Juergen-vorsitzender-der-HIOB-1024x679.jpg\" alt=\"\" class=\"wp-image-160\" srcset=\"https:\/\/kurek.info\/wp-content\/uploads\/2024\/12\/TK_11_Juergen-vorsitzender-der-HIOB-980x650.jpg 980w, https:\/\/kurek.info\/wp-content\/uploads\/2024\/12\/TK_11_Juergen-vorsitzender-der-HIOB-480x318.jpg 480w\" sizes=\"(min-width: 0px) and (max-width: 480px) 480px, (min-width: 481px) and (max-width: 980px) 980px, (min-width: 981px) 1024px, 100vw\" \/><\/figure>\n\n\n\n<p>J\u00fcrgen auf der &#8222;Platte&#8220; bei Minus 7 Grad. Er war Vorsitzender der H.I.o.B. [Hannoversche Initiative obdachloser B\u00fcrger]<\/p>\n\n\n\n<figure class=\"wp-block-image size-large\"><img loading=\"lazy\" decoding=\"async\" width=\"1024\" height=\"683\" src=\"https:\/\/kurek.info\/wp-content\/uploads\/2024\/12\/TK_9_Schlafplatz-Autofriedhof-1024x683.jpg\" alt=\"\" class=\"wp-image-161\" srcset=\"https:\/\/kurek.info\/wp-content\/uploads\/2024\/12\/TK_9_Schlafplatz-Autofriedhof-980x654.jpg 980w, https:\/\/kurek.info\/wp-content\/uploads\/2024\/12\/TK_9_Schlafplatz-Autofriedhof-480x320.jpg 480w\" sizes=\"(min-width: 0px) and (max-width: 480px) 480px, (min-width: 481px) and (max-width: 980px) 980px, (min-width: 981px) 1024px, 100vw\" \/><\/figure>\n\n\n\n<p>Parkplatz mitabgemeldeten und illegal abgestellten PKWs, die einigen Obdachlosen als Schlafplatz dienten<\/p>\n\n\n\n<figure class=\"wp-block-image size-large\"><img loading=\"lazy\" decoding=\"async\" width=\"1024\" height=\"686\" src=\"https:\/\/kurek.info\/wp-content\/uploads\/2024\/12\/TK_2_Wohnungslose-am-Kuechengarten-1024x686.jpg\" alt=\"\" class=\"wp-image-162\" srcset=\"https:\/\/kurek.info\/wp-content\/uploads\/2024\/12\/TK_2_Wohnungslose-am-Kuechengarten-980x656.jpg 980w, https:\/\/kurek.info\/wp-content\/uploads\/2024\/12\/TK_2_Wohnungslose-am-Kuechengarten-480x321.jpg 480w\" sizes=\"(min-width: 0px) and (max-width: 480px) 480px, (min-width: 481px) and (max-width: 980px) 980px, (min-width: 981px) 1024px, 100vw\" \/><\/figure>\n\n\n\n<p>Wohnungslose am K\u00fcchengartenplatz <\/p>\n\n\n\n<figure class=\"wp-block-image size-large\"><img loading=\"lazy\" decoding=\"async\" width=\"1024\" height=\"675\" src=\"https:\/\/kurek.info\/wp-content\/uploads\/2024\/12\/TK_7_Juergen-1024x675.jpg\" alt=\"\" class=\"wp-image-163\" srcset=\"https:\/\/kurek.info\/wp-content\/uploads\/2024\/12\/TK_7_Juergen-980x646.jpg 980w, https:\/\/kurek.info\/wp-content\/uploads\/2024\/12\/TK_7_Juergen-480x316.jpg 480w\" sizes=\"(min-width: 0px) and (max-width: 480px) 480px, (min-width: 481px) and (max-width: 980px) 980px, (min-width: 981px) 1024px, 100vw\" \/><\/figure>\n\n\n\n<p>Nach einem Streit um ein Bierflasche wird J\u00fcrgen lebensgef\u00e4hrlich verletzt<\/p>\n\n\n\n<figure class=\"wp-block-image size-large\"><img loading=\"lazy\" decoding=\"async\" width=\"1024\" height=\"682\" src=\"https:\/\/kurek.info\/wp-content\/uploads\/2024\/12\/TK_29_Andy-Mietvertrag-1024x682.jpg\" alt=\"\" class=\"wp-image-164\" srcset=\"https:\/\/kurek.info\/wp-content\/uploads\/2024\/12\/TK_29_Andy-Mietvertrag-980x653.jpg 980w, https:\/\/kurek.info\/wp-content\/uploads\/2024\/12\/TK_29_Andy-Mietvertrag-480x320.jpg 480w\" sizes=\"(min-width: 0px) and (max-width: 480px) 480px, (min-width: 481px) and (max-width: 980px) 980px, (min-width: 981px) 1024px, 100vw\" \/><\/figure>\n\n\n\n<p>Andy unterschreibt seinen Mietvertrag bei der Selbsthilfegenossenschaft Linden eG, die einen Neubau f\u00fcr Obdachlose errichtet hat, bei dem die Neumieter ihren Genossenschaftsanteil durch Selbsthilfe am Bau erarbeitet haben<\/p>\n\n\n\n<figure class=\"wp-block-image size-large\"><img loading=\"lazy\" decoding=\"async\" width=\"1024\" height=\"680\" src=\"https:\/\/kurek.info\/wp-content\/uploads\/2024\/12\/TK_23_Burkhard-1024x680.jpg\" alt=\"\" class=\"wp-image-165\" srcset=\"https:\/\/kurek.info\/wp-content\/uploads\/2024\/12\/TK_23_Burkhard-980x651.jpg 980w, https:\/\/kurek.info\/wp-content\/uploads\/2024\/12\/TK_23_Burkhard-480x319.jpg 480w\" sizes=\"(min-width: 0px) and (max-width: 480px) 480px, (min-width: 481px) and (max-width: 980px) 980px, (min-width: 981px) 1024px, 100vw\" \/><\/figure>\n\n\n\n<p>Burkhard lebte lange in einer Unterkunft der Stadt Hannover<\/p>\n\n\n\n<figure class=\"wp-block-image size-large\"><img loading=\"lazy\" decoding=\"async\" width=\"1024\" height=\"678\" src=\"https:\/\/kurek.info\/wp-content\/uploads\/2024\/12\/TK_5_Guenter-auf-Platte-1024x678.jpg\" alt=\"\" class=\"wp-image-166\" srcset=\"https:\/\/kurek.info\/wp-content\/uploads\/2024\/12\/TK_5_Guenter-auf-Platte-980x649.jpg 980w, https:\/\/kurek.info\/wp-content\/uploads\/2024\/12\/TK_5_Guenter-auf-Platte-480x318.jpg 480w\" sizes=\"(min-width: 0px) and (max-width: 480px) 480px, (min-width: 481px) and (max-width: 980px) 980px, (min-width: 981px) 1024px, 100vw\" \/><\/figure>\n\n\n\n<p>G\u00fcnter fand ich am Tag des Eschedezugungl\u00fccks unter der Hochbr\u00fccke am K\u00fcchengarten auf seiner Platte. Sein gesamter K\u00f6rper war durch Kr\u00e4tzemilben mit Ekzemen \u00fcbers\u00e4t. Die von mir gerufenen Rettungssanit\u00e4ter brachten ihn erst in die nahegelegene Hautklinik, nachdem ich ihnen mit einer `Anzeige wegen unterlassener Hilfeleistung\u00b4 gedroht hatte. Am n\u00e4chsten Morgen stand er wieder in der Tageswohnung, mit einem Entlassungsschein der Hautklinik und der schriftlichen Empfehlung eines t\u00e4glichen Vollbades.<\/p>\n\n\n\n<figure class=\"wp-block-image size-large\"><img loading=\"lazy\" decoding=\"async\" width=\"1024\" height=\"677\" src=\"https:\/\/kurek.info\/wp-content\/uploads\/2024\/12\/TK_6_Ottound-Thomas-1024x677.jpg\" alt=\"\" class=\"wp-image-167\" srcset=\"https:\/\/kurek.info\/wp-content\/uploads\/2024\/12\/TK_6_Ottound-Thomas-980x648.jpg 980w, https:\/\/kurek.info\/wp-content\/uploads\/2024\/12\/TK_6_Ottound-Thomas-480x317.jpg 480w\" sizes=\"(min-width: 0px) and (max-width: 480px) 480px, (min-width: 481px) and (max-width: 980px) 980px, (min-width: 981px) 1024px, 100vw\" \/><\/figure>\n\n\n\n<p>Zwei Lindener Urgesteine: Otto und Thomas<\/p>\n\n\n\n<figure class=\"wp-block-image size-large\"><img loading=\"lazy\" decoding=\"async\" width=\"1024\" height=\"687\" src=\"https:\/\/kurek.info\/wp-content\/uploads\/2024\/12\/TK_3_Renate-gezeichnet-1024x687.jpg\" alt=\"\" class=\"wp-image-168\" srcset=\"https:\/\/kurek.info\/wp-content\/uploads\/2024\/12\/TK_3_Renate-gezeichnet-980x657.jpg 980w, https:\/\/kurek.info\/wp-content\/uploads\/2024\/12\/TK_3_Renate-gezeichnet-480x322.jpg 480w\" sizes=\"(min-width: 0px) and (max-width: 480px) 480px, (min-width: 481px) and (max-width: 980px) 980px, (min-width: 981px) 1024px, 100vw\" \/><\/figure>\n\n\n\n<p>Renate am K\u00fcchengarten mit blauem Auge<\/p>\n\n\n\n<figure class=\"wp-block-image size-large\"><img loading=\"lazy\" decoding=\"async\" width=\"1024\" height=\"680\" src=\"https:\/\/kurek.info\/wp-content\/uploads\/2024\/12\/TK_19_Martha-1024x680.jpg\" alt=\"\" class=\"wp-image-170\" srcset=\"https:\/\/kurek.info\/wp-content\/uploads\/2024\/12\/TK_19_Martha-980x651.jpg 980w, https:\/\/kurek.info\/wp-content\/uploads\/2024\/12\/TK_19_Martha-480x319.jpg 480w\" sizes=\"(min-width: 0px) and (max-width: 480px) 480px, (min-width: 481px) and (max-width: 980px) 980px, (min-width: 981px) 1024px, 100vw\" \/><\/figure>\n\n\n\n<p>Martha, st\u00e4ndige Besucherin im Treffpunkt<\/p>\n\n\n\n<figure class=\"wp-block-image size-large\"><img loading=\"lazy\" decoding=\"async\" width=\"1024\" height=\"683\" src=\"https:\/\/kurek.info\/wp-content\/uploads\/2024\/12\/4589_Chary-Schoof_SW-1024x683.jpg\" alt=\"\" class=\"wp-image-171\" srcset=\"https:\/\/kurek.info\/wp-content\/uploads\/2024\/12\/4589_Chary-Schoof_SW-980x653.jpg 980w, https:\/\/kurek.info\/wp-content\/uploads\/2024\/12\/4589_Chary-Schoof_SW-480x320.jpg 480w\" sizes=\"(min-width: 0px) and (max-width: 480px) 480px, (min-width: 481px) and (max-width: 980px) 980px, (min-width: 981px) 1024px, 100vw\" \/><\/figure>\n\n\n\n<p>Charly Sch., sa\u00df lange in Bautzen in der DDR ein. Nach seiner Entlassung in die BRD immer auf der Stra\u00dfe. Er starb 2007.<\/p>\n\n\n\n<figure class=\"wp-block-image size-large\"><img loading=\"lazy\" decoding=\"async\" width=\"1024\" height=\"686\" src=\"https:\/\/kurek.info\/wp-content\/uploads\/2024\/12\/TK_22_Peter-Mossig-1024x686.jpg\" alt=\"\" class=\"wp-image-172\" srcset=\"https:\/\/kurek.info\/wp-content\/uploads\/2024\/12\/TK_22_Peter-Mossig-980x656.jpg 980w, https:\/\/kurek.info\/wp-content\/uploads\/2024\/12\/TK_22_Peter-Mossig-480x322.jpg 480w\" sizes=\"(min-width: 0px) and (max-width: 480px) 480px, (min-width: 481px) and (max-width: 980px) 980px, (min-width: 981px) 1024px, 100vw\" \/><\/figure>\n\n\n\n<p>Peter M., Lindener Obdachloser <\/p>\n","protected":false},"excerpt":{"rendered":"<p>Wolfgang beim Kaffeetrinken im Treffpunkt<\/p>\n","protected":false},"author":2,"featured_media":0,"parent":0,"menu_order":0,"comment_status":"closed","ping_status":"closed","template":"","meta":{"_et_pb_use_builder":"","_et_pb_old_content":"","_et_gb_content_width":"","footnotes":""},"class_list":["post-95","page","type-page","status-publish","hentry"],"_links":{"self":[{"href":"https:\/\/kurek.info\/index.php?rest_route=\/wp\/v2\/pages\/95","targetHints":{"allow":["GET"]}}],"collection":[{"href":"https:\/\/kurek.info\/index.php?rest_route=\/wp\/v2\/pages"}],"about":[{"href":"https:\/\/kurek.info\/index.php?rest_route=\/wp\/v2\/types\/page"}],"author":[{"embeddable":true,"href":"https:\/\/kurek.info\/index.php?rest_route=\/wp\/v2\/users\/2"}],"replies":[{"embeddable":true,"href":"https:\/\/kurek.info\/index.php?rest_route=%2Fwp%2Fv2%2Fcomments&post=95"}],"version-history":[{"count":5,"href":"https:\/\/kurek.info\/index.php?rest_route=\/wp\/v2\/pages\/95\/revisions"}],"predecessor-version":[{"id":206,"href":"https:\/\/kurek.info\/index.php?rest_route=\/wp\/v2\/pages\/95\/revisions\/206"}],"wp:attachment":[{"href":"https:\/\/kurek.info\/index.php?rest_route=%2Fwp%2Fv2%2Fmedia&parent=95"}],"curies":[{"name":"wp","href":"https:\/\/api.w.org\/{rel}","templated":true}]}}